{"id":47,"date":"2020-03-27T18:29:06","date_gmt":"2020-03-27T21:29:06","guid":{"rendered":"https:\/\/cel.fclar.unesp.br\/espanhol\/?page_id=47"},"modified":"2024-09-27T14:12:48","modified_gmt":"2024-09-27T17:12:48","slug":"espanha","status":"publish","type":"page","link":"https:\/\/raple.fclar.unesp.br\/espanhol\/espanha\/","title":{"rendered":"Espanha"},"content":{"rendered":"\n<figure class=\"wp-block-image size-large\"><img loading=\"lazy\" decoding=\"async\" width=\"1024\" height=\"85\" src=\"https:\/\/raple.fclar.unesp.br\/espanhol\/wp-content\/uploads\/sites\/4\/2022\/05\/ESPANHA-1024x85.png\" alt=\"\" class=\"wp-image-621\" srcset=\"https:\/\/raple.fclar.unesp.br\/espanhol\/wp-content\/uploads\/sites\/4\/2022\/05\/ESPANHA-1024x85.png 1024w, https:\/\/raple.fclar.unesp.br\/espanhol\/wp-content\/uploads\/sites\/4\/2022\/05\/ESPANHA-300x25.png 300w, https:\/\/raple.fclar.unesp.br\/espanhol\/wp-content\/uploads\/sites\/4\/2022\/05\/ESPANHA-768x64.png 768w, https:\/\/raple.fclar.unesp.br\/espanhol\/wp-content\/uploads\/sites\/4\/2022\/05\/ESPANHA.png 1080w\" sizes=\"auto, (max-width: 1024px) 100vw, 1024px\" \/><\/figure>\n\n\n\n<p><a rel=\"noreferrer noopener\" href=\"https:\/\/www.youtube.com\/watch?v=hAxiPFE6pqM\" target=\"_blank\"><strong>Me Gusta Como Eres<\/strong><\/a><strong>&nbsp;(Jarabe De Palo)<\/strong><\/p>\n\n\n\n<p>Nesta m\u00fasica, o t\u00f3pico de compara\u00e7\u00f5es \u00e9 muito presente, sendo, assim, um excelente material para trabalhar o assunto, al\u00e9m de tamb\u00e9m poder ser utilizada para que os alunos fa\u00e7am produ\u00e7\u00f5es escritas de poemas tendo como base sua estrutura.<\/p>\n\n\n\n<p><a rel=\"noreferrer noopener\" href=\"https:\/\/www.youtube.com\/watch?v=eVtNX3rG8SM&amp;pp=ygUfZGViYWpvIGRlbCBwdWVudGUgcGVkcm8gZ3VlcnJhIA%3D%3D\" target=\"_blank\"><strong>Debajo del puente<\/strong><\/a> <strong>(Pedro Guerra)<\/strong><\/p>\n\n\n\n<p>Esta can\u00e7\u00e3o \u00e9 uma \u00f3tima op\u00e7\u00e3o para trabalhar atividades de compreens\u00e3o oral para alunos a partir do n\u00edvel B2, pois j\u00e1 apresenta uma fala mais r\u00e1pida e complexa. Al\u00e9m disso, \u00e9 poss\u00edvel propor uma revisita\u00e7\u00e3o, para alunos mais avan\u00e7ados, de vocabul\u00e1rios de descri\u00e7\u00e3o, podendo ser utilizada para nortear a reda\u00e7\u00e3o de uma poesia descritiva em prosa sobre lugares da cidade.<\/p>\n\n\n\n<p><a rel=\"noreferrer noopener\" href=\"https:\/\/www.youtube.com\/watch?v=HNFInPUDEq8\" target=\"_blank\"><strong>Toda una vida <\/strong><\/a><strong>(Pedro Guerra)<\/strong><\/p>\n\n\n\n<p>Esta bela can\u00e7\u00e3o amoroso \u00e9 muito prop\u00edcia para a introdu\u00e7\u00e3o do tempo verbal condicional, pois seu n\u00edvel de compreens\u00e3o \u00e9 adequado para alunos a partir do A1, pois seu vocabul\u00e1rio \u00e9 composto majoritariamente por palavras semelhantes entre portugu\u00eas e espanhol, al\u00e9m de ter uma pron\u00fancia mais pausada e articulada. Essa m\u00fasica pode ser utilizada dentro de sala de aula como uma base para a produ\u00e7\u00e3o de haicais que utilizem o tempo condicional.<\/p>\n\n\n\n<p><a rel=\"noreferrer noopener\" href=\"https:\/\/www.youtube.com\/watch?v=GTx4xHGQBig&amp;pp=ygURdG9ybWVudGEgZGUgZnVlZ28%3D\" target=\"_blank\"><strong>Tormenta de Fuego<\/strong><\/a> <strong>(Ruben Romero e Lydia Torea)<\/strong><\/p>\n\n\n\n<p>Essa emocionante can\u00e7\u00e3o instrumental tradicional espanhola apresenta como elemento principal o viol\u00e3o tocado no estilo flamenco. Esse ritmo \u00e9 muito presente na cultura do pa\u00eds, pois marca a grande influ\u00eancia \u00e1rabe na cultura ib\u00e9rica. Esse assunto pode ser abordado nas aulas voltadas \u00e0 cultura espanhola. Al\u00e9m disso, por ser uma m\u00fasica instrumental, \u00e9 poss\u00edvel trabalhar qual face da Espanha essa m\u00fasica representa para eles e qual seria o sentido que essa m\u00fasica teria para eles. Essa reflex\u00e3o pode proporcionar aos alunos uma reflex\u00e3o mais atenta aos conceitos que este tem formado em rela\u00e7\u00e3o ao pa\u00eds e assim repens\u00e1-las. Al\u00e9m de ser um terreno muito prop\u00edcio para um exerc\u00edcio de pesquisa sobre os g\u00eaneros musicais da Espanha.&nbsp;<\/p>\n\n\n\n<p><a rel=\"noreferrer noopener\" href=\"https:\/\/www.youtube.com\/watch?v=qaZ0oAh4evU&amp;pp=ygUSc29maWEgYWx2YXJvIHNvbGVy\" target=\"_blank\"><strong>Sofia<\/strong><\/a> <strong>(Alvaro Soler)<\/strong><\/p>\n\n\n\n<p>Esta can\u00e7\u00e3o utiliza diversos verbos no presente do indicativo, al\u00e9m de apresentar um vocabul\u00e1rio e pronuncia\u00e7\u00e3o adequados para turmas j\u00e1 de n\u00edvel A1. Al\u00e9m disso, \u00e9 poss\u00edvel trabalhar com a turma a escrita de uma postagem no instagram, em que o aluno deve contar, utilizando os verbos no presente do indicativo e fotos, um momento importante da sua vida.<\/p>\n\n\n\n<p><a rel=\"noreferrer noopener\" href=\"https:\/\/www.youtube.com\/watch?v=6s-MQzPZ6IE\" target=\"_blank\"><strong>Aunque es de noche<\/strong><\/a> <strong>(Rosal\u00eda)<\/strong><\/p>\n\n\n\n<p>Essa ic\u00f4nica can\u00e7\u00e3o que vem do poema do m\u00edstico espanhol San Juan de la Cruz, apresenta em toda sua estrutura\u00e7\u00e3o o adv\u00e9rbio \u201cAunque\u201d, sobre o qual os alunos costumam ter muitas d\u00favidas e ainda apresentar um vasto vocabul\u00e1rio de adjetivos e verbos. Al\u00e9m disso, a can\u00e7\u00e3o ainda pode ser utilizada para trabalhar um elemento muito importante da cultura espanhola: a m\u00edstica, podendo ser uma porta de entrada para outros poemas desse movimento art\u00edstico. Essa can\u00e7\u00e3o ainda pode ser utilizada para que os alunos elaborem poemas que sigam sua estrutura.<\/p>\n\n\n\n<p><a rel=\"noreferrer noopener\" href=\"https:\/\/www.youtube.com\/watch?v=PQ73r4tbRJc\" target=\"_blank\"><strong>Con la misma piedra<\/strong><\/a> <strong>(Julio Iglesias)<\/strong><\/p>\n\n\n\n<p>Esta can\u00e7\u00e3o retrata as sucessivas desilus\u00f5es amorosas do eu-l\u00edrico, que sente que continua cometendo o mesmo erro. Para isso, s\u00e3o usados v\u00e1rios verbos no pret\u00e9rito perfecto simple, al\u00e9m de tamb\u00e9m ter uma pron\u00fancia mais articulada, proporcionando assim uma can\u00e7\u00e3o adequada para os alunos iniciantes que est\u00e3o entrando em contato com verbos no pret\u00e9rito perfecto simple. Assim, \u00e9 poss\u00edvel utilizar essa can\u00e7\u00e3o como base para uma produ\u00e7\u00e3o de um meme que deve utilizar o verso \u201cTropec\u00e9 de nuevo y con la misma piedra\u201d para compor o humor do meme.<\/p>\n\n\n\n<p><strong><a href=\"https:\/\/www.youtube.com\/watch?v=l-ii4cREPYw\" target=\"_blank\" rel=\"noreferrer noopener\">Lucha de Gigantes<\/a><\/strong> <strong>(Nacha Pop)<\/strong><\/p>\n\n\n\n<p>Esta can\u00e7\u00e3o pode ser utilizada para abordar o presente do indicativo, principalmente para indicar a\u00e7\u00f5es que se repetem. Ademais, a m\u00fasica possui um vocabul\u00e1rio voltado \u00e0 compara\u00e7\u00e3o da grandeza do universo e \u00e0 pequenez do ser humano, podendo enriquecer tamb\u00e9m aulas tem\u00e1ticas voltadas \u00e0 filosofia ou \u00e0 astronomia.<\/p>\n\n\n\n<p>Agradecemos as contribui\u00e7\u00f5es acima a:&nbsp;Profa.&nbsp;<strong>Mayara Mayumi Sataka<\/strong>, <strong>Marcela Rodrigues Tafner<\/strong> e <strong>Jo\u00e3o Paulo De Martini Lopes.<\/strong><\/p>\n","protected":false},"excerpt":{"rendered":"<p>Me Gusta Como Eres&nbsp;(Jarabe De Palo) Nesta m\u00fasica, o t\u00f3pico de compara\u00e7\u00f5es \u00e9 muito presente, sendo, assim, um excelente material para trabalhar o assunto, al\u00e9m de tamb\u00e9m poder ser utilizada para que os alunos fa\u00e7am produ\u00e7\u00f5es escritas de poemas tendo como base sua estrutura. Debajo del puente (Pedro Guerra) Esta [&hellip;]<\/p>\n","protected":false},"author":4,"featured_media":616,"parent":0,"menu_order":0,"comment_status":"closed","ping_status":"closed","template":"","meta":{"_monsterinsights_skip_tracking":false,"_monsterinsights_sitenote_active":false,"_monsterinsights_sitenote_note":"","_monsterinsights_sitenote_category":0,"footnotes":""},"class_list":["post-47","page","type-page","status-publish","has-post-thumbnail","hentry"],"_links":{"self":[{"href":"https:\/\/raple.fclar.unesp.br\/espanhol\/wp-json\/wp\/v2\/pages\/47","targetHints":{"allow":["GET"]}}],"collection":[{"href":"https:\/\/raple.fclar.unesp.br\/espanhol\/wp-json\/wp\/v2\/pages"}],"about":[{"href":"https:\/\/raple.fclar.unesp.br\/espanhol\/wp-json\/wp\/v2\/types\/page"}],"author":[{"embeddable":true,"href":"https:\/\/raple.fclar.unesp.br\/espanhol\/wp-json\/wp\/v2\/users\/4"}],"replies":[{"embeddable":true,"href":"https:\/\/raple.fclar.unesp.br\/espanhol\/wp-json\/wp\/v2\/comments?post=47"}],"version-history":[{"count":16,"href":"https:\/\/raple.fclar.unesp.br\/espanhol\/wp-json\/wp\/v2\/pages\/47\/revisions"}],"predecessor-version":[{"id":889,"href":"https:\/\/raple.fclar.unesp.br\/espanhol\/wp-json\/wp\/v2\/pages\/47\/revisions\/889"}],"wp:featuredmedia":[{"embeddable":true,"href":"https:\/\/raple.fclar.unesp.br\/espanhol\/wp-json\/wp\/v2\/media\/616"}],"wp:attachment":[{"href":"https:\/\/raple.fclar.unesp.br\/espanhol\/wp-json\/wp\/v2\/media?parent=47"}],"curies":[{"name":"wp","href":"https:\/\/api.w.org\/{rel}","templated":true}]}}